{"id":9710,"date":"2024-06-10T13:00:00","date_gmt":"2024-06-10T17:00:00","guid":{"rendered":"https:\/\/wordpress-403092-4429197.cloudwaysapps.com\/team-member\/guy-arseneault-2\/"},"modified":"2025-10-20T12:33:28","modified_gmt":"2025-10-20T16:33:28","slug":"guy-arseneault-2","status":"publish","type":"team-member","link":"https:\/\/nbliberal.ca\/fr\/team-member\/guy-arseneault-2\/","title":{"rendered":"Guy Arseneault"},"content":{"rendered":"<h4><\/h4>\n<p>Dipl\u00f4m\u00e9 de l\u2019\u00e9cole secondaire Dalhousie et de l\u2019Universit\u00e9 St. Thomas, Guy Arseneault b\u00e9n\u00e9ficie d\u2019une solide exp\u00e9rience en tant que leader \u00e0 plusieurs niveaux : scolaire, communautaire, provincial et national. Ayant \u00e9t\u00e9 enseignant, principal et coach de hockey pendant des ann\u00e9es, il a \u00e9galement consacr\u00e9 ses \u00e9nergies dans des r\u00f4les de leadership dans sa communaut\u00e9 et sa r\u00e9gion. \u00c0 ce titre, il a \u00e9t\u00e9 conseiller municipal pendant 8 ans, directeur et vice-pr\u00e9sident de la Commission de l\u2019a\u00e9roport de Charlo, ainsi que pr\u00e9sident de la Dalhousie Regional Transportation Commission.<\/p>\n<p>Il a \u00e9t\u00e9 \u00e9lu une premi\u00e8re fois au Parlement en 1988 dans la circonscription de Restigouche-Chaleur et est demeur\u00e9 en service pendant 9 ans. Il a eu l\u2019occasion de servir en tant que secr\u00e9taire parlementaire pour le vice-premier ministre et le ministre du Patrimoine canadien. Suivant ceci, il a \u00e9t\u00e9 sous-commissaire aux tribunaux de r\u00e9vision du R\u00e9gime de pensions du Canada pendant cinq ans.<\/p>\n<p>Arseneault a si\u00e9g\u00e9 sur le conseil d\u2019administration de la New Brunswick Teachers\u2019 Association (NBTA) pour une p\u00e9riode de 5 ans, dont quatre au sein du comit\u00e9 ex\u00e9cutif. Il a \u00e9t\u00e9 vice-pr\u00e9sident de la NBTA de 2013 \u00e0 2015, et pr\u00e9sident de 2015 \u00e0 2017.<\/p>\n<p>Guy Arseneault a dit \u00eatre honor\u00e9 de recevoir l\u2019appui incontest\u00e9 de la circonscription de Campbellton-Dalhousie. \u00ab\u2009Les investissements faits dans la r\u00e9gion nous ont mis sur la route de la reprise, et je veux m\u2019assurer que nous continuons de mettre l\u2019accent sur le d\u00e9veloppement \u00e9conomique pour am\u00e9liorer la qualit\u00e9 de vie des gens de notre r\u00e9gion\u2009\u00bb, souligne Arseneault.<\/p>\n<p>Leader parlementaire pour L\u2019Opposition officielle ainsi que porte-parole en mati\u00e8re d\u2019Affaires militaires, d\u2019affaires relevant de la Soci\u00e9t\u00e9 de d\u00e9veloppement r\u00e9gional et d\u2019Affaires autochtones.<\/p>\n","protected":false},"featured_media":8961,"menu_order":0,"template":"","meta":{"_seopress_robots_primary_cat":"","_seopress_titles_title":"","_seopress_titles_desc":"","_seopress_robots_index":"","_price":"","_stock":"","_tribe_ticket_header":"","_tribe_default_ticket_provider":"","_tribe_ticket_capacity":"0","_ticket_start_date":"","_ticket_end_date":"","_tribe_ticket_show_description":"","_tribe_ticket_show_not_going":false,"_tribe_ticket_use_global_stock":"","_tribe_ticket_global_stock_level":"","_global_stock_mode":"","_global_stock_cap":"","_tribe_rsvp_for_event":"","_tribe_ticket_going_count":"","_tribe_ticket_not_going_count":"","_tribe_tickets_list":"[]","_tribe_ticket_has_attendee_info_fields":false,"footnotes":""},"team-category":[52],"class_list":["post-9710","team-member","type-team-member","status-publish","has-post-thumbnail","hentry","team-category-deputes"],"meta_box":{"title":"","email":"guy.arseneault@nbliberal.ca","riding":"Restigouche-Est","region":"","contact_info":"<p>guy.arseneault@gnb.ca<\/p>\n","executive_acting":"0","facebook":"https:\/\/www.facebook.com\/GuyArseneaultMLA\/","x":"","instagram":"","website":""},"_links":{"self":[{"href":"https:\/\/nbliberal.ca\/fr\/wp-json\/wp\/v2\/team-member\/9710","targetHints":{"allow":["GET"]}}],"collection":[{"href":"https:\/\/nbliberal.ca\/fr\/wp-json\/wp\/v2\/team-member"}],"about":[{"href":"https:\/\/nbliberal.ca\/fr\/wp-json\/wp\/v2\/types\/team-member"}],"version-history":[{"count":3,"href":"https:\/\/nbliberal.ca\/fr\/wp-json\/wp\/v2\/team-member\/9710\/revisions"}],"predecessor-version":[{"id":89614,"href":"https:\/\/nbliberal.ca\/fr\/wp-json\/wp\/v2\/team-member\/9710\/revisions\/89614"}],"wp:featuredmedia":[{"embeddable":true,"href":"https:\/\/nbliberal.ca\/fr\/wp-json\/wp\/v2\/media\/8961"}],"wp:attachment":[{"href":"https:\/\/nbliberal.ca\/fr\/wp-json\/wp\/v2\/media?parent=9710"}],"wp:term":[{"taxonomy":"team-category","embeddable":true,"href":"https:\/\/nbliberal.ca\/fr\/wp-json\/wp\/v2\/team-category?post=9710"}],"curies":[{"name":"wp","href":"https:\/\/api.w.org\/{rel}","templated":true}]}}