{"id":20472,"date":"2024-06-10T09:10:00","date_gmt":"2024-06-10T13:10:00","guid":{"rendered":"https:\/\/nbliberal.ca\/team-member\/sam-johnston\/"},"modified":"2024-09-25T21:25:48","modified_gmt":"2024-09-26T01:25:48","slug":"sam-johnston","status":"publish","type":"team-member","link":"https:\/\/nbliberal.ca\/fr\/team-member\/sam-johnston\/","title":{"rendered":"Sam Johnston"},"content":{"rendered":"\n<p>Sam Johnston est un fier \u00e9poux, p\u00e8re et grand-p\u00e8re. Sa famille et sa communaut\u00e9 sont ses priorit\u00e9s. Que ce soit par son travail aupr\u00e8s de diverses causes dans sa communaut\u00e9 ou en renfor\u00e7ant la confiance de ses \u00e9l\u00e8ves comme ma\u00eetre instructeur d&rsquo;arts martiaux, Sam est motiv\u00e9 par le d\u00e9sir de faire une diff\u00e9rence dans la vie des autres.<\/p>\n\n\n\n<p>Sam est titulaire de deux dipl\u00f4mes de premier cycle de University of New Brunswick, dont un baccalaur\u00e9at \u00e8s arts et un baccalaur\u00e9at en \u00e9ducation. Il a remport\u00e9 le Prix Norman S Frazer en \u00e9ducation et a \u00e9galement obtenu une ma\u00eetrise en \u00e9ducation, au cours de laquelle il a re\u00e7u plusieurs bourses d&rsquo;\u00e9tudes sup\u00e9rieures.<\/p>\n\n\n\n<p>En termes d&rsquo;exp\u00e9rience professionnelle, Sam a \u00e9t\u00e9 directeur g\u00e9n\u00e9ral de l&rsquo;\u00e9quipe de gestion de la r\u00e9gion Atlantique pour le Service correctionnel du Canada et conseiller municipal de la ville de Miramichi.<\/p>\n\n\n\n<p>Sam a travaill\u00e9 dur pour apprendre le fran\u00e7ais, sa deuxi\u00e8me langue, et a r\u00e9ussi \u00e0 deux reprises \u00e0 obtenir un profil linguistique bilingue avec le gouvernement f\u00e9d\u00e9ral.<\/p>\n\n\n\n<p>La pr\u00e9sence de Sam Johnston comme d\u00e9put\u00e9 \u00e0 l&rsquo;Assembl\u00e9e l\u00e9gislative du Nouveau-Brunswick ram\u00e8nera la circonscription de Baie-de-Miramichi-Neguac \u00e0 l&rsquo;avant-plan, dans un gouvernement lib\u00e9ral.<\/p>\n\n\n\n<div class=\"wp-block-buttons is-layout-flex wp-block-buttons-is-layout-flex\">\n<div class=\"wp-block-button\"><a class=\"wp-block-button__link has-brand-1-background-color has-background wp-element-button\" href=\"https:\/\/nbliberal.ca\/fr\/dons\/?riding=09 - Miramichi Bay-Neguac\">Faire un don \u00e0 Baie-de-Miramichi-Neguac<\/a><\/div>\n<\/div>\n\n\n\n<p><\/p>\n","protected":false},"featured_media":12362,"menu_order":2,"template":"","meta":{"_seopress_robots_primary_cat":"","_seopress_titles_title":"","_seopress_titles_desc":"","_seopress_robots_index":"","_price":"","_stock":"","_tribe_ticket_header":"","_tribe_default_ticket_provider":"","_tribe_ticket_capacity":"0","_ticket_start_date":"","_ticket_end_date":"","_tribe_ticket_show_description":"","_tribe_ticket_show_not_going":false,"_tribe_ticket_use_global_stock":"","_tribe_ticket_global_stock_level":"","_global_stock_mode":"","_global_stock_cap":"","_tribe_rsvp_for_event":"","_tribe_ticket_going_count":"","_tribe_ticket_not_going_count":"","_tribe_tickets_list":"[]","_tribe_ticket_has_attendee_info_fields":false,"footnotes":""},"team-category":[47,52,37],"class_list":["post-20472","team-member","type-team-member","status-publish","has-post-thumbnail","hentry","team-category-candidates-fr","team-category-deputes","team-category-mlas"],"meta_box":{"title":"Miramichi Bay-Neguac","email":"sam.johnston@nblibereal.ca","riding":"Baie-de-Miramichi-Neguac","region":"","contact_info":"","executive_acting":"0","facebook":"https:\/\/www.facebook.com\/SamJohnstonCityCouncillorMiramichiNB","x":"","instagram":"","website":""},"_links":{"self":[{"href":"https:\/\/nbliberal.ca\/fr\/wp-json\/wp\/v2\/team-member\/20472","targetHints":{"allow":["GET"]}}],"collection":[{"href":"https:\/\/nbliberal.ca\/fr\/wp-json\/wp\/v2\/team-member"}],"about":[{"href":"https:\/\/nbliberal.ca\/fr\/wp-json\/wp\/v2\/types\/team-member"}],"version-history":[{"count":2,"href":"https:\/\/nbliberal.ca\/fr\/wp-json\/wp\/v2\/team-member\/20472\/revisions"}],"predecessor-version":[{"id":21279,"href":"https:\/\/nbliberal.ca\/fr\/wp-json\/wp\/v2\/team-member\/20472\/revisions\/21279"}],"wp:featuredmedia":[{"embeddable":true,"href":"https:\/\/nbliberal.ca\/fr\/wp-json\/wp\/v2\/media\/12362"}],"wp:attachment":[{"href":"https:\/\/nbliberal.ca\/fr\/wp-json\/wp\/v2\/media?parent=20472"}],"wp:term":[{"taxonomy":"team-category","embeddable":true,"href":"https:\/\/nbliberal.ca\/fr\/wp-json\/wp\/v2\/team-category?post=20472"}],"curies":[{"name":"wp","href":"https:\/\/api.w.org\/{rel}","templated":true}]}}