{"id":12484,"date":"2024-06-10T11:50:00","date_gmt":"2024-06-10T15:50:00","guid":{"rendered":"https:\/\/lib.wpcdev.ca\/team-member\/luke-randall\/"},"modified":"2024-09-25T21:07:09","modified_gmt":"2024-09-26T01:07:09","slug":"luke-randall","status":"publish","type":"team-member","link":"https:\/\/nbliberal.ca\/fr\/team-member\/luke-randall\/","title":{"rendered":"Luke Randall"},"content":{"rendered":"\n<p>Les racines de Luke Randall, remontant \u00e0 plusieurs g\u00e9n\u00e9rations, sont profond\u00e9ment ancr\u00e9es dans Fredericton-Nord. Son grand-p\u00e8re paternel travaillait autrefois \u00e0 extraire la glace du fleuve Wolastoq pour r\u00e9frig\u00e9rer les glaci\u00e8res du quartier. Aujourd&rsquo;hui, les parents de Luke vivent encore \u00e0 quelques maisons de l&#8217;emplacement de la boulangerie de ses arri\u00e8re-arri\u00e8re-grands-parents. Luke a pass\u00e9 une grande partie de sa jeunesse \u00e0 Devon o\u00f9 il a acquis des comp\u00e9tences entrepreneuriales d\u00e8s son jeune \u00e2ge gr\u00e2ce \u00e0 ses grands-parents maternels qui g\u00e9raient une entreprise familiale sur la rue St Mary\u2019s. Ayant grandi tout juste \u00e0 l&rsquo;ext\u00e9rieur de Fredericton, Luke a obtenu son dipl\u00f4me de la Devon Park Christian School, situ\u00e9e du c\u00f4t\u00e9 nord de Fredericton, en 1994. Apr\u00e8s la fin de son secondaire, Luke a d\u00e9cid\u00e9 de prendre une ann\u00e9e de pause avant de poursuivre d&rsquo;autres \u00e9tudes. Durant cette ann\u00e9e, Luke a ouvert l\u2019entreprise Endeavours The Artist Shop \u00e0 l&rsquo;\u00e2ge de 18 ans, r\u00e9alisant ainsi son r\u00eave d&rsquo;avoir sa propre entreprise, \u00e0 l&rsquo;instar de ses grands-parents.<\/p>\n\n\n\n<p>Cette \u00ab&nbsp;ann\u00e9e de pause&nbsp;\u00bb dure maintenant depuis 30 ans et inclut ThinkPlay, le magasin de jeux de soci\u00e9t\u00e9 et de jouets sp\u00e9cialis\u00e9s que Luke a ouvert en 2003. Aujourd&rsquo;hui, Endeavours &amp; ThinkPlay, r\u00e9unis sous un m\u00eame toit, sont situ\u00e9s au 141, rue Brunswick, dans le centre-ville de Fredericton. Apr\u00e8s avoir r\u00e9pondu aux besoins en mat\u00e9riel d&rsquo;art et de jeux de soci\u00e9t\u00e9 des N\u00e9o-Brunswickois pendant 30 ans, l&rsquo;entreprise exp\u00e9die d\u00e9sormais ses produits de haute qualit\u00e9 partout au Canada, tout en continuant \u00e0 servir la communaut\u00e9 locale.<\/p>\n\n\n\n<p>Luke est passionn\u00e9 par les arts, la culture et la communaut\u00e9, et il croit que chacun devrait avoir l&rsquo;occasion de s&rsquo;engager. Il a jou\u00e9 un r\u00f4le cl\u00e9 dans le d\u00e9veloppement des arts au sein de Fredericton et de l&rsquo;Am\u00e9rique du Nord enti\u00e8re, ayant si\u00e9g\u00e9 \u00e0 de nombreux conseils d\u2019administration et initiatives artistiques, y compris \u00e0 des postes de bureau de direction. La contribution de Luke a port\u00e9 sur la planification et l\u2019organisation d\u2019\u00e9v\u00e9nements artistiques, mais aussi en les rendant possibles gr\u00e2ce \u00e0 son mentorat et \u00e0 son parrainage. \u00catre propri\u00e9taire de son entreprise du centre-ville de Fredericton a permis \u00e0 Luke de servir au bureau de direction de Downtown Fredericton, d\u2019\u00eatre mentor aupr\u00e8s de nombreux nouveaux propri\u00e9taires d&rsquo;entreprises et de travailler avec des \u00e9l\u00e8ves du secondaire dans le cadre de programmes coop\u00e9ratifs, de cours d&rsquo;art et de cours de commerce. Pendant de nombreuses ann\u00e9es, Luke a m\u00eame r\u00e9dig\u00e9 une chronique d\u2019affaires pour le <em>Daily Gleaner<\/em>. En tant qu&rsquo;entrepreneur, Luke a si\u00e9g\u00e9 au conseil d&rsquo;administration et \u00e0 de nombreux comit\u00e9s d&rsquo;iAMart, le plus grand groupe d&rsquo;achat nord-am\u00e9ricain pour les d\u00e9taillants de mat\u00e9riel artistique. Toutes ces exp\u00e9riences ont permis \u00e0 Luke d&rsquo;acqu\u00e9rir une exp\u00e9rience directe du travail en communaut\u00e9, mais aussi de comprendre les subtilit\u00e9s de la gestion de grandes entreprises, de la logistique internationale et de l&rsquo;\u00e9quilibre constant des budgets.<\/p>\n\n\n\n<p>Bien que le commerce ait \u00e9t\u00e9 une carri\u00e8re enrichissante et profitable pour Luke, l&rsquo;\u00e9tat actuel de notre paysage social et environnemental lui a fait comprendre qu&rsquo;il a la responsabilit\u00e9 de jouer un r\u00f4le actif dans la recherche de solutions aux enjeux auxquels les N\u00e9o-Brunswickois sont confront\u00e9s aujourd&rsquo;hui. Luke est profond\u00e9ment engag\u00e9 envers le Nouveau-Brunswick ; c&rsquo;est ici qu&rsquo;il a grandi et c\u2019est ici que ses parents vieillissent. Il est particuli\u00e8rement pr\u00e9occup\u00e9 par la crise d&rsquo;acc\u00e8s aux soins de sant\u00e9 primaires, le manque de logements ad\u00e9quats et abordables pour les r\u00e9sidents de Fredericton-Nord, l\u2019augmentation du cout de la vie et la protection des communaut\u00e9s marginalis\u00e9es, en particulier les membres de la Premi\u00e8re Nation de Sitansisk. Luke est convaincu que nous devons agir face aux probl\u00e8mes environnementaux qui affectent Fredericton-Nord. Les inondations continueront d&rsquo;avoir un impact sur cette communaut\u00e9 et Luke souhaite l\u2019aider \u00e0 se pr\u00e9parer aux enjeux \u00e0 venir, y compris le risque croissant d&rsquo;incendies et de s\u00e9cheresses. C&rsquo;est pour cette raison que Luke a d\u00e9cid\u00e9 de prendre du recul par rapport \u00e0 l&rsquo;entreprise qu&rsquo;il a cr\u00e9\u00e9e afin de contribuer \u00e0 assurer un avenir meilleur au Nouveau-Brunswick.<\/p>\n\n\n\n<div class=\"wp-block-buttons is-layout-flex wp-block-buttons-is-layout-flex\">\n<div class=\"wp-block-button\"><a class=\"wp-block-button__link has-brand-1-background-color has-background wp-element-button\" href=\"https:\/\/nbliberal.ca\/fr\/dons\/\">Faire un don \u00e0 Fredericton-Nord<\/a><\/div>\n<\/div>\n","protected":false},"featured_media":12458,"menu_order":0,"template":"","meta":{"_seopress_robots_primary_cat":"","_seopress_titles_title":"","_seopress_titles_desc":"","_seopress_robots_index":"","_price":"","_stock":"","_tribe_ticket_header":"","_tribe_default_ticket_provider":"","_tribe_ticket_capacity":"0","_ticket_start_date":"","_ticket_end_date":"","_tribe_ticket_show_description":"","_tribe_ticket_show_not_going":false,"_tribe_ticket_use_global_stock":"","_tribe_ticket_global_stock_level":"","_global_stock_mode":"","_global_stock_cap":"","_tribe_rsvp_for_event":"","_tribe_ticket_going_count":"","_tribe_ticket_not_going_count":"","_tribe_tickets_list":"[]","_tribe_ticket_has_attendee_info_fields":false,"footnotes":""},"team-category":[47,52,37],"class_list":["post-12484","team-member","type-team-member","status-publish","has-post-thumbnail","hentry","team-category-candidates-fr","team-category-deputes","team-category-mlas"],"meta_box":{"title":"","email":"","riding":"Fredericton-Nord","region":"","contact_info":"","executive_acting":"0","facebook":"","x":"","instagram":"","website":""},"_links":{"self":[{"href":"https:\/\/nbliberal.ca\/fr\/wp-json\/wp\/v2\/team-member\/12484","targetHints":{"allow":["GET"]}}],"collection":[{"href":"https:\/\/nbliberal.ca\/fr\/wp-json\/wp\/v2\/team-member"}],"about":[{"href":"https:\/\/nbliberal.ca\/fr\/wp-json\/wp\/v2\/types\/team-member"}],"version-history":[{"count":4,"href":"https:\/\/nbliberal.ca\/fr\/wp-json\/wp\/v2\/team-member\/12484\/revisions"}],"predecessor-version":[{"id":21270,"href":"https:\/\/nbliberal.ca\/fr\/wp-json\/wp\/v2\/team-member\/12484\/revisions\/21270"}],"wp:featuredmedia":[{"embeddable":true,"href":"https:\/\/nbliberal.ca\/fr\/wp-json\/wp\/v2\/media\/12458"}],"wp:attachment":[{"href":"https:\/\/nbliberal.ca\/fr\/wp-json\/wp\/v2\/media?parent=12484"}],"wp:term":[{"taxonomy":"team-category","embeddable":true,"href":"https:\/\/nbliberal.ca\/fr\/wp-json\/wp\/v2\/team-category?post=12484"}],"curies":[{"name":"wp","href":"https:\/\/api.w.org\/{rel}","templated":true}]}}